{"id":8090,"date":"2025-04-23T02:40:11","date_gmt":"2025-04-23T00:40:11","guid":{"rendered":"http:\/\/wieser.2k-media.de\/?page_id=8090"},"modified":"2025-04-23T02:48:26","modified_gmt":"2025-04-23T00:48:26","slug":"inverno","status":"publish","type":"page","link":"https:\/\/pension-wieser.at\/it\/inverno\/","title":{"rendered":"Inverno"},"content":{"rendered":"<div data-elementor-type=\"wp-page\" data-elementor-id=\"8090\" class=\"elementor elementor-8090\" data-elementor-post-type=\"page\">\n\t\t\t\t\t\t<section class=\"elementor-section elementor-top-section elementor-element elementor-element-45a632bf elementor-section-stretched elementor-section-content-middle elementor-section-height-min-height elementor-section-boxed elementor-section-height-default elementor-section-items-middle\" data-id=\"45a632bf\" data-element_type=\"section\" data-settings=\"{&quot;stretch_section&quot;:&quot;section-stretched&quot;,&quot;background_background&quot;:&quot;classic&quot;}\">\n\t\t\t\t\t\t\t<div class=\"elementor-background-overlay\"><\/div>\n\t\t\t\t\t\t\t<div class=\"elementor-container elementor-column-gap-default\">\n\t\t\t\t\t<div class=\"elementor-column elementor-col-100 elementor-top-column elementor-element elementor-element-7ed7bcea\" data-id=\"7ed7bcea\" data-element_type=\"column\">\n\t\t\t<div class=\"elementor-widget-wrap elementor-element-populated\">\n\t\t\t\t\t\t<div class=\"elementor-element elementor-element-3af9efd8 elementor-widget elementor-widget-heading\" data-id=\"3af9efd8\" data-element_type=\"widget\" data-widget_type=\"heading.default\">\n\t\t\t\t<div class=\"elementor-widget-container\">\n\t\t\t\t\t<h1 class=\"elementor-heading-title elementor-size-default\">Inverno<\/h1>\t\t\t\t<\/div>\n\t\t\t\t<\/div>\n\t\t\t\t\t<\/div>\n\t\t<\/div>\n\t\t\t\t\t<\/div>\n\t\t<\/section>\n\t\t<div class=\"elementor-element elementor-element-ae94bb9 e-flex e-con-boxed e-con e-parent\" data-id=\"ae94bb9\" data-element_type=\"container\">\n\t\t\t\t\t<div class=\"e-con-inner\">\n\t\t\t\t<div class=\"elementor-element elementor-element-22163bd elementor-widget elementor-widget-heading\" data-id=\"22163bd\" data-element_type=\"widget\" data-widget_type=\"heading.default\">\n\t\t\t\t<div class=\"elementor-widget-container\">\n\t\t\t\t\t<h1 class=\"elementor-heading-title elementor-size-default\">Attivit\u00e0 invernali nei dintorni di Golling<\/h1>\t\t\t\t<\/div>\n\t\t\t\t<\/div>\n\t\t\t\t\t<\/div>\n\t\t\t\t<\/div>\n\t\t<div class=\"elementor-element elementor-element-2dfb7dc e-grid e-con-boxed e-con e-parent\" data-id=\"2dfb7dc\" data-element_type=\"container\">\n\t\t\t\t\t<div class=\"e-con-inner\">\n\t\t\t\t<div class=\"elementor-element elementor-element-bb9c540 elementor-widget elementor-widget-theme-post-featured-image elementor-widget-image\" data-id=\"bb9c540\" data-element_type=\"widget\" data-widget_type=\"theme-post-featured-image.default\">\n\t\t\t\t<div class=\"elementor-widget-container\">\n\t\t\t\t\t\t\t\t\t\t\t\t<figure class=\"wp-caption\">\n\t\t\t\t\t\t\t\t\t\t\t<a href=\"https:\/\/www.skiamade.com\/de\/Winter\" target=\"_blank\">\n\t\t\t\t\t\t\t<img fetchpriority=\"high\" decoding=\"async\" width=\"370\" height=\"230\" src=\"data:image\/gif;base64,R0lGODlhAQABAIAAAAAAAP\/\/\/yH5BAEAAAAALAAAAAABAAEAAAIBRAA7\" data-src=\"https:\/\/pension-wieser.at\/wp-content\/uploads\/2025\/04\/ski-amade.jpg\" class=\"attachment-nd_booking_image_size_720_720 size-nd_booking_image_size_720_720 wp-image-8092 lazyload\" alt=\"\" data-srcset=\"https:\/\/pension-wieser.at\/wp-content\/uploads\/2025\/04\/ski-amade.jpg 370w, https:\/\/pension-wieser.at\/wp-content\/uploads\/2025\/04\/ski-amade-300x186.jpg 300w\" sizes=\"(max-width: 370px) 100vw, 370px\" \/><noscript><img decoding=\"async\" width=\"370\" height=\"230\" src=\"https:\/\/pension-wieser.at\/wp-content\/uploads\/2025\/04\/ski-amade.jpg\" class=\"attachment-nd_booking_image_size_720_720 size-nd_booking_image_size_720_720 wp-image-8092 lazyload\" alt=\"\" srcset=\"https:\/\/pension-wieser.at\/wp-content\/uploads\/2025\/04\/ski-amade.jpg 370w, https:\/\/pension-wieser.at\/wp-content\/uploads\/2025\/04\/ski-amade-300x186.jpg 300w\" sizes=\"(max-width: 370px) 100vw, 370px\" \/><\/noscript>\t\t\t\t\t\t\t\t<\/a>\n\t\t\t\t\t\t\t\t\t\t\t<figcaption class=\"widget-image-caption wp-caption-text\"><br><b><h3>Sci amad\u00e9<\/h3><\/b><br>Una delle reti sciistiche pi\u00f9 grandi d'Europa, con 270 impianti di risalita, 25 stazioni e divertimento illimitato sulle piste di Salisburgo, Stiria e Alta Austria.<\/figcaption>\n\t\t\t\t\t\t\t\t\t\t<\/figure>\n\t\t\t\t\t\t\t\t\t<\/div>\n\t\t\t\t<\/div>\n\t\t\t\t<div class=\"elementor-element elementor-element-048f02a elementor-widget elementor-widget-theme-post-featured-image elementor-widget-image\" data-id=\"048f02a\" data-element_type=\"widget\" data-widget_type=\"theme-post-featured-image.default\">\n\t\t\t\t<div class=\"elementor-widget-container\">\n\t\t\t\t\t\t\t\t\t\t\t\t<figure class=\"wp-caption\">\n\t\t\t\t\t\t\t\t\t\t\t<a href=\"https:\/\/www.snow-space.com\/de\/Winter\" target=\"_blank\">\n\t\t\t\t\t\t\t<img decoding=\"async\" width=\"370\" height=\"230\" src=\"data:image\/gif;base64,R0lGODlhAQABAIAAAAAAAP\/\/\/yH5BAEAAAAALAAAAAABAAEAAAIBRAA7\" data-src=\"https:\/\/pension-wieser.at\/wp-content\/uploads\/2025\/04\/snowspace.jpg\" class=\"attachment-nd_booking_image_size_720_720 size-nd_booking_image_size_720_720 wp-image-8093 lazyload\" alt=\"\" data-srcset=\"https:\/\/pension-wieser.at\/wp-content\/uploads\/2025\/04\/snowspace.jpg 370w, https:\/\/pension-wieser.at\/wp-content\/uploads\/2025\/04\/snowspace-300x186.jpg 300w\" sizes=\"(max-width: 370px) 100vw, 370px\" \/><noscript><img loading=\"lazy\" decoding=\"async\" width=\"370\" height=\"230\" src=\"https:\/\/pension-wieser.at\/wp-content\/uploads\/2025\/04\/snowspace.jpg\" class=\"attachment-nd_booking_image_size_720_720 size-nd_booking_image_size_720_720 wp-image-8093 lazyload\" alt=\"\" srcset=\"https:\/\/pension-wieser.at\/wp-content\/uploads\/2025\/04\/snowspace.jpg 370w, https:\/\/pension-wieser.at\/wp-content\/uploads\/2025\/04\/snowspace-300x186.jpg 300w\" sizes=\"(max-width: 370px) 100vw, 370px\" \/><\/noscript>\t\t\t\t\t\t\t\t<\/a>\n\t\t\t\t\t\t\t\t\t\t\t<figcaption class=\"widget-image-caption wp-caption-text\"><br><b><h3>Spazio neve Salisburgo<\/h3><\/b><br>Tre montagne avventurose per tutta la famiglia, con percorsi naturalistici, stazioni di gioco e panorami fantastici a Wagrain, St. Johann e Flachau.<\/figcaption>\n\t\t\t\t\t\t\t\t\t\t<\/figure>\n\t\t\t\t\t\t\t\t\t<\/div>\n\t\t\t\t<\/div>\n\t\t\t\t<div class=\"elementor-element elementor-element-e38154c elementor-widget elementor-widget-theme-post-featured-image elementor-widget-image\" data-id=\"e38154c\" data-element_type=\"widget\" data-widget_type=\"theme-post-featured-image.default\">\n\t\t\t\t<div class=\"elementor-widget-container\">\n\t\t\t\t\t\t\t\t\t\t\t\t<figure class=\"wp-caption\">\n\t\t\t\t\t\t\t\t\t\t\t<a href=\"https:\/\/www.werfenweng.eu\/Winter\/alpin.php\" target=\"_blank\">\n\t\t\t\t\t\t\t<img loading=\"lazy\" decoding=\"async\" width=\"370\" height=\"230\" src=\"data:image\/gif;base64,R0lGODlhAQABAIAAAAAAAP\/\/\/yH5BAEAAAAALAAAAAABAAEAAAIBRAA7\" data-src=\"https:\/\/pension-wieser.at\/wp-content\/uploads\/2025\/04\/1448_12_Rosnerkoepfel_Abfahrt.jpg\" class=\"attachment-nd_cc_image_size_700_1000 size-nd_cc_image_size_700_1000 wp-image-8094 lazyload\" alt=\"\" data-srcset=\"https:\/\/pension-wieser.at\/wp-content\/uploads\/2025\/04\/1448_12_Rosnerkoepfel_Abfahrt.jpg 370w, https:\/\/pension-wieser.at\/wp-content\/uploads\/2025\/04\/1448_12_Rosnerkoepfel_Abfahrt-300x186.jpg 300w\" sizes=\"(max-width: 370px) 100vw, 370px\" \/><noscript><img loading=\"lazy\" decoding=\"async\" width=\"370\" height=\"230\" src=\"https:\/\/pension-wieser.at\/wp-content\/uploads\/2025\/04\/1448_12_Rosnerkoepfel_Abfahrt.jpg\" class=\"attachment-nd_cc_image_size_700_1000 size-nd_cc_image_size_700_1000 wp-image-8094 lazyload\" alt=\"\" srcset=\"https:\/\/pension-wieser.at\/wp-content\/uploads\/2025\/04\/1448_12_Rosnerkoepfel_Abfahrt.jpg 370w, https:\/\/pension-wieser.at\/wp-content\/uploads\/2025\/04\/1448_12_Rosnerkoepfel_Abfahrt-300x186.jpg 300w\" sizes=\"(max-width: 370px) 100vw, 370px\" \/><\/noscript>\t\t\t\t\t\t\t\t<\/a>\n\t\t\t\t\t\t\t\t\t\t\t<figcaption class=\"widget-image-caption wp-caption-text\"><br><b><h3>Stazione sciistica di Werfenweng<\/h3><\/b><br>27 chilometri di piste per principianti e professionisti, con viste panoramiche a 360\u00b0 e la magia dei rifugi invernali.<\/figcaption>\n\t\t\t\t\t\t\t\t\t\t<\/figure>\n\t\t\t\t\t\t\t\t\t<\/div>\n\t\t\t\t<\/div>\n\t\t\t\t<div class=\"elementor-element elementor-element-1c6a3d7 elementor-widget elementor-widget-theme-post-featured-image elementor-widget-image\" data-id=\"1c6a3d7\" data-element_type=\"widget\" data-widget_type=\"theme-post-featured-image.default\">\n\t\t\t\t<div class=\"elementor-widget-container\">\n\t\t\t\t\t\t\t\t\t\t\t\t<figure class=\"wp-caption\">\n\t\t\t\t\t\t\t\t\t\t\t<a href=\"https:\/\/www.werfenweng.eu\/Winter\/Kids_Snowpark.php\" target=\"_blank\">\n\t\t\t\t\t\t\t<img loading=\"lazy\" decoding=\"async\" width=\"370\" height=\"230\" src=\"data:image\/gif;base64,R0lGODlhAQABAIAAAAAAAP\/\/\/yH5BAEAAAAALAAAAAABAAEAAAIBRAA7\" data-src=\"https:\/\/pension-wieser.at\/wp-content\/uploads\/2025\/04\/2555_11_B17_7876-768x512-2.jpg\" class=\"attachment-nd_cc_image_size_700_1000 size-nd_cc_image_size_700_1000 wp-image-8104 lazyload\" alt=\"\" data-srcset=\"https:\/\/pension-wieser.at\/wp-content\/uploads\/2025\/04\/2555_11_B17_7876-768x512-2.jpg 370w, https:\/\/pension-wieser.at\/wp-content\/uploads\/2025\/04\/2555_11_B17_7876-768x512-2-300x186.jpg 300w\" sizes=\"(max-width: 370px) 100vw, 370px\" \/><noscript><img loading=\"lazy\" decoding=\"async\" width=\"370\" height=\"230\" src=\"https:\/\/pension-wieser.at\/wp-content\/uploads\/2025\/04\/2555_11_B17_7876-768x512-2.jpg\" class=\"attachment-nd_cc_image_size_700_1000 size-nd_cc_image_size_700_1000 wp-image-8104 lazyload\" alt=\"\" srcset=\"https:\/\/pension-wieser.at\/wp-content\/uploads\/2025\/04\/2555_11_B17_7876-768x512-2.jpg 370w, https:\/\/pension-wieser.at\/wp-content\/uploads\/2025\/04\/2555_11_B17_7876-768x512-2-300x186.jpg 300w\" sizes=\"(max-width: 370px) 100vw, 370px\" \/><\/noscript>\t\t\t\t\t\t\t\t<\/a>\n\t\t\t\t\t\t\t\t\t\t\t<figcaption class=\"widget-image-caption wp-caption-text\"><br><b><h3>Snowpark per bambini con BOBO il pinguino<\/h3><\/b><br>Otto percorsi d'avventura, divertimento in slitta, nastro trasportatore e area chill-out: un'esperienza invernale colorata per i pi\u00f9 piccoli.<\/figcaption>\n\t\t\t\t\t\t\t\t\t\t<\/figure>\n\t\t\t\t\t\t\t\t\t<\/div>\n\t\t\t\t<\/div>\n\t\t\t\t\t<\/div>\n\t\t\t\t<\/div>\n\t\t<div class=\"elementor-element elementor-element-071c0bc e-grid e-con-boxed e-con e-parent\" data-id=\"071c0bc\" data-element_type=\"container\">\n\t\t\t\t\t<div class=\"e-con-inner\">\n\t\t\t\t<div class=\"elementor-element elementor-element-0fe13a6 elementor-widget elementor-widget-theme-post-featured-image elementor-widget-image\" data-id=\"0fe13a6\" data-element_type=\"widget\" data-widget_type=\"theme-post-featured-image.default\">\n\t\t\t\t<div class=\"elementor-widget-container\">\n\t\t\t\t\t\t\t\t\t\t\t\t<figure class=\"wp-caption\">\n\t\t\t\t\t\t\t\t\t\t\t<a href=\"https:\/\/www.werfenweng.eu\/Winter\/langlaufen.php\" target=\"_blank\">\n\t\t\t\t\t\t\t<img loading=\"lazy\" decoding=\"async\" width=\"370\" height=\"230\" src=\"data:image\/gif;base64,R0lGODlhAQABAIAAAAAAAP\/\/\/yH5BAEAAAAALAAAAAABAAEAAAIBRAA7\" data-src=\"https:\/\/pension-wieser.at\/wp-content\/uploads\/2025\/04\/359_12_Langlaufen11.jpg\" class=\"attachment-nd_cc_image_size_700_1000 size-nd_cc_image_size_700_1000 wp-image-8096 lazyload\" alt=\"\" data-srcset=\"https:\/\/pension-wieser.at\/wp-content\/uploads\/2025\/04\/359_12_Langlaufen11.jpg 370w, https:\/\/pension-wieser.at\/wp-content\/uploads\/2025\/04\/359_12_Langlaufen11-300x186.jpg 300w\" sizes=\"(max-width: 370px) 100vw, 370px\" \/><noscript><img loading=\"lazy\" decoding=\"async\" width=\"370\" height=\"230\" src=\"https:\/\/pension-wieser.at\/wp-content\/uploads\/2025\/04\/359_12_Langlaufen11.jpg\" class=\"attachment-nd_cc_image_size_700_1000 size-nd_cc_image_size_700_1000 wp-image-8096 lazyload\" alt=\"\" srcset=\"https:\/\/pension-wieser.at\/wp-content\/uploads\/2025\/04\/359_12_Langlaufen11.jpg 370w, https:\/\/pension-wieser.at\/wp-content\/uploads\/2025\/04\/359_12_Langlaufen11-300x186.jpg 300w\" sizes=\"(max-width: 370px) 100vw, 370px\" \/><\/noscript>\t\t\t\t\t\t\t\t<\/a>\n\t\t\t\t\t\t\t\t\t\t\t<figcaption class=\"widget-image-caption wp-caption-text\"><br><b><h3>Sci di fondo<\/h3><\/b><br>Scivolate nello scintillante paesaggio invernale e trovate la pace interiore - sulle piste da sci di fondo perfettamente preparate intorno a Werfenweng.<\/figcaption>\n\t\t\t\t\t\t\t\t\t\t<\/figure>\n\t\t\t\t\t\t\t\t\t<\/div>\n\t\t\t\t<\/div>\n\t\t\t\t<div class=\"elementor-element elementor-element-ef70fbc elementor-widget elementor-widget-theme-post-featured-image elementor-widget-image\" data-id=\"ef70fbc\" data-element_type=\"widget\" data-widget_type=\"theme-post-featured-image.default\">\n\t\t\t\t<div class=\"elementor-widget-container\">\n\t\t\t\t\t\t\t\t\t\t\t\t<figure class=\"wp-caption\">\n\t\t\t\t\t\t\t\t\t\t\t<a href=\"https:\/\/forsthaus-weidmannsheil.at\/de\/winter\/#isotope-1\" target=\"_blank\">\n\t\t\t\t\t\t\t<img loading=\"lazy\" decoding=\"async\" width=\"370\" height=\"230\" src=\"data:image\/gif;base64,R0lGODlhAQABAIAAAAAAAP\/\/\/yH5BAEAAAAALAAAAAABAAEAAAIBRAA7\" data-src=\"https:\/\/pension-wieser.at\/wp-content\/uploads\/2025\/04\/silburg.jpg\" class=\"attachment-nd_cc_image_size_700_1000 size-nd_cc_image_size_700_1000 wp-image-8097 lazyload\" alt=\"\" data-srcset=\"https:\/\/pension-wieser.at\/wp-content\/uploads\/2025\/04\/silburg.jpg 370w, https:\/\/pension-wieser.at\/wp-content\/uploads\/2025\/04\/silburg-300x186.jpg 300w\" sizes=\"(max-width: 370px) 100vw, 370px\" \/><noscript><img loading=\"lazy\" decoding=\"async\" width=\"370\" height=\"230\" src=\"https:\/\/pension-wieser.at\/wp-content\/uploads\/2025\/04\/silburg.jpg\" class=\"attachment-nd_cc_image_size_700_1000 size-nd_cc_image_size_700_1000 wp-image-8097 lazyload\" alt=\"\" srcset=\"https:\/\/pension-wieser.at\/wp-content\/uploads\/2025\/04\/silburg.jpg 370w, https:\/\/pension-wieser.at\/wp-content\/uploads\/2025\/04\/silburg-300x186.jpg 300w\" sizes=\"(max-width: 370px) 100vw, 370px\" \/><\/noscript>\t\t\t\t\t\t\t\t<\/a>\n\t\t\t\t\t\t\t\t\t\t\t<figcaption class=\"widget-image-caption wp-caption-text\"><br><b><h3>Capodanno al Castello di Hohenwerfen<\/h3><\/b><br>Un giro dell'anno come in una fiaba - con un banchetto per cavalieri, viste panoramiche e un'atmosfera medievale.<\/figcaption>\n\t\t\t\t\t\t\t\t\t\t<\/figure>\n\t\t\t\t\t\t\t\t\t<\/div>\n\t\t\t\t<\/div>\n\t\t\t\t<div class=\"elementor-element elementor-element-303a0fa elementor-widget elementor-widget-theme-post-featured-image elementor-widget-image\" data-id=\"303a0fa\" data-element_type=\"widget\" data-widget_type=\"theme-post-featured-image.default\">\n\t\t\t\t<div class=\"elementor-widget-container\">\n\t\t\t\t\t\t\t\t\t\t\t\t<figure class=\"wp-caption\">\n\t\t\t\t\t\t\t\t\t\t\t<a href=\"https:\/\/www.werfenweng.eu\/Winter\/pferdeschlittenfahrt.php\" target=\"_blank\">\n\t\t\t\t\t\t\t<img loading=\"lazy\" decoding=\"async\" width=\"700\" height=\"511\" src=\"data:image\/gif;base64,R0lGODlhAQABAIAAAAAAAP\/\/\/yH5BAEAAAAALAAAAAABAAEAAAIBRAA7\" data-src=\"https:\/\/pension-wieser.at\/wp-content\/uploads\/2025\/04\/2931_11_cBethelFath__DSC2312-768x511-1-700x511.jpg\" class=\"attachment-nd_cc_image_size_700_1000 size-nd_cc_image_size_700_1000 wp-image-8098 lazyload\" alt=\"\" \/><noscript><img loading=\"lazy\" decoding=\"async\" width=\"700\" height=\"511\" src=\"https:\/\/pension-wieser.at\/wp-content\/uploads\/2025\/04\/2931_11_cBethelFath__DSC2312-768x511-1-700x511.jpg\" class=\"attachment-nd_cc_image_size_700_1000 size-nd_cc_image_size_700_1000 wp-image-8098 lazyload\" alt=\"\" \/><\/noscript>\t\t\t\t\t\t\t\t<\/a>\n\t\t\t\t\t\t\t\t\t\t\t<figcaption class=\"widget-image-caption wp-caption-text\"><br><b><h3>Gite in slitta trainata da cavalli<\/h3><\/b><br>In compagnia di un morbido sbuffo di cavalli, ci siamo addentrati nel paesaggio invernale innevato, accoccolati nelle coperte.<\/figcaption>\n\t\t\t\t\t\t\t\t\t\t<\/figure>\n\t\t\t\t\t\t\t\t\t<\/div>\n\t\t\t\t<\/div>\n\t\t\t\t<div class=\"elementor-element elementor-element-17891b9 elementor-widget elementor-widget-theme-post-featured-image elementor-widget-image\" data-id=\"17891b9\" data-element_type=\"widget\" data-widget_type=\"theme-post-featured-image.default\">\n\t\t\t\t<div class=\"elementor-widget-container\">\n\t\t\t\t\t\t\t\t\t\t\t\t<figure class=\"wp-caption\">\n\t\t\t\t\t\t\t\t\t\t\t<a href=\"https:\/\/www.werfenweng.eu\/Winter\/rodeln.php\" target=\"_blank\">\n\t\t\t\t\t\t\t<img loading=\"lazy\" decoding=\"async\" width=\"700\" height=\"511\" src=\"data:image\/gif;base64,R0lGODlhAQABAIAAAAAAAP\/\/\/yH5BAEAAAAALAAAAAABAAEAAAIBRAA7\" data-src=\"https:\/\/pension-wieser.at\/wp-content\/uploads\/2025\/04\/2954_11_cBethelFath__DSC1953-768x511-1-700x511.jpg\" class=\"attachment-nd_cc_image_size_700_1000 size-nd_cc_image_size_700_1000 wp-image-8099 lazyload\" alt=\"\" \/><noscript><img loading=\"lazy\" decoding=\"async\" width=\"700\" height=\"511\" src=\"https:\/\/pension-wieser.at\/wp-content\/uploads\/2025\/04\/2954_11_cBethelFath__DSC1953-768x511-1-700x511.jpg\" class=\"attachment-nd_cc_image_size_700_1000 size-nd_cc_image_size_700_1000 wp-image-8099 lazyload\" alt=\"\" \/><\/noscript>\t\t\t\t\t\t\t\t<\/a>\n\t\t\t\t\t\t\t\t\t\t\t<figcaption class=\"widget-image-caption wp-caption-text\"><br><b><h3>Slittino - K\u00f6pfl-Flitzer<\/h3><\/b><br>1.200 metri di divertimento in slittino con curve ripide e riflettori - possibile anche di sera tre volte alla settimana.<\/figcaption>\n\t\t\t\t\t\t\t\t\t\t<\/figure>\n\t\t\t\t\t\t\t\t\t<\/div>\n\t\t\t\t<\/div>\n\t\t\t\t\t<\/div>\n\t\t\t\t<\/div>\n\t\t<div class=\"elementor-element elementor-element-3b2740a e-grid e-con-boxed e-con e-parent\" data-id=\"3b2740a\" data-element_type=\"container\">\n\t\t\t\t\t<div class=\"e-con-inner\">\n\t\t\t\t<div class=\"elementor-element elementor-element-f139ec3 elementor-widget elementor-widget-theme-post-featured-image elementor-widget-image\" data-id=\"f139ec3\" data-element_type=\"widget\" data-widget_type=\"theme-post-featured-image.default\">\n\t\t\t\t<div class=\"elementor-widget-container\">\n\t\t\t\t\t\t\t\t\t\t\t\t<figure class=\"wp-caption\">\n\t\t\t\t\t\t\t\t\t\t\t<a href=\"https:\/\/www.werfenweng.eu\/Winter\/schneeschuhwandern.php\" target=\"_blank\">\n\t\t\t\t\t\t\t<img loading=\"lazy\" decoding=\"async\" width=\"700\" height=\"520\" src=\"data:image\/gif;base64,R0lGODlhAQABAIAAAAAAAP\/\/\/yH5BAEAAAAALAAAAAABAAEAAAIBRAA7\" data-src=\"https:\/\/pension-wieser.at\/wp-content\/uploads\/2025\/04\/2590_5_B17_8468-700x520.jpg\" class=\"attachment-nd_cc_image_size_700_1000 size-nd_cc_image_size_700_1000 wp-image-8100 lazyload\" alt=\"\" \/><noscript><img loading=\"lazy\" decoding=\"async\" width=\"700\" height=\"520\" src=\"https:\/\/pension-wieser.at\/wp-content\/uploads\/2025\/04\/2590_5_B17_8468-700x520.jpg\" class=\"attachment-nd_cc_image_size_700_1000 size-nd_cc_image_size_700_1000 wp-image-8100 lazyload\" alt=\"\" \/><\/noscript>\t\t\t\t\t\t\t\t<\/a>\n\t\t\t\t\t\t\t\t\t\t\t<figcaption class=\"widget-image-caption wp-caption-text\"><br><b><h3>Escursioni con le racchette da neve<\/h3><\/b><br>Natura incontaminata, neve scintillante e un panorama affascinante: puro relax nella neve fresca.<\/figcaption>\n\t\t\t\t\t\t\t\t\t\t<\/figure>\n\t\t\t\t\t\t\t\t\t<\/div>\n\t\t\t\t<\/div>\n\t\t\t\t<div class=\"elementor-element elementor-element-16d169b elementor-widget elementor-widget-theme-post-featured-image elementor-widget-image\" data-id=\"16d169b\" data-element_type=\"widget\" data-widget_type=\"theme-post-featured-image.default\">\n\t\t\t\t<div class=\"elementor-widget-container\">\n\t\t\t\t\t\t\t\t\t\t\t\t<figure class=\"wp-caption\">\n\t\t\t\t\t\t\t\t\t\t\t<a href=\"https:\/\/www.werfenweng.eu\/Ausflug\/77-Wanderweg-Almstueberl-zum-Hascht.html\" target=\"_blank\">\n\t\t\t\t\t\t\t<img loading=\"lazy\" decoding=\"async\" width=\"700\" height=\"511\" src=\"data:image\/gif;base64,R0lGODlhAQABAIAAAAAAAP\/\/\/yH5BAEAAAAALAAAAAABAAEAAAIBRAA7\" data-src=\"https:\/\/pension-wieser.at\/wp-content\/uploads\/2025\/04\/380_11_Almstueberl-768x511-1-700x511.jpg\" class=\"attachment-nd_cc_image_size_700_1000 size-nd_cc_image_size_700_1000 wp-image-8101 lazyload\" alt=\"\" \/><noscript><img loading=\"lazy\" decoding=\"async\" width=\"700\" height=\"511\" src=\"https:\/\/pension-wieser.at\/wp-content\/uploads\/2025\/04\/380_11_Almstueberl-768x511-1-700x511.jpg\" class=\"attachment-nd_cc_image_size_700_1000 size-nd_cc_image_size_700_1000 wp-image-8101 lazyload\" alt=\"\" \/><\/noscript>\t\t\t\t\t\t\t\t<\/a>\n\t\t\t\t\t\t\t\t\t\t\t<figcaption class=\"widget-image-caption wp-caption-text\"><br><b><h3>Sentiero escursionistico \"Almst\u00fcberl zum Hascht<\/h3><\/b><br>Idilliaco sentiero escursionistico invernale con vista lontana - passando per fattorie e pascoli di montagna fino al rustico punto di ristoro.<\/figcaption>\n\t\t\t\t\t\t\t\t\t\t<\/figure>\n\t\t\t\t\t\t\t\t\t<\/div>\n\t\t\t\t<\/div>\n\t\t\t\t<div class=\"elementor-element elementor-element-6c9df51 elementor-widget elementor-widget-theme-post-featured-image elementor-widget-image\" data-id=\"6c9df51\" data-element_type=\"widget\" data-widget_type=\"theme-post-featured-image.default\">\n\t\t\t\t<div class=\"elementor-widget-container\">\n\t\t\t\t\t\t\t\t\t\t\t\t<figure class=\"wp-caption\">\n\t\t\t\t\t\t\t\t\t\t\t<a href=\"https:\/\/www.bergbahnen-werfenweng.com\/winter\/paragleiten\/fluggebiet\/\" target=\"_blank\">\n\t\t\t\t\t\t\t<img loading=\"lazy\" decoding=\"async\" width=\"700\" height=\"536\" src=\"data:image\/gif;base64,R0lGODlhAQABAIAAAAAAAP\/\/\/yH5BAEAAAAALAAAAAABAAEAAAIBRAA7\" data-src=\"https:\/\/pension-wieser.at\/wp-content\/uploads\/2025\/04\/csm_paragleiten_bischling_winter1_71052eb7e1-768x536-1-700x536.jpg\" class=\"attachment-nd_cc_image_size_700_1000 size-nd_cc_image_size_700_1000 wp-image-8102 lazyload\" alt=\"\" \/><noscript><img loading=\"lazy\" decoding=\"async\" width=\"700\" height=\"536\" src=\"https:\/\/pension-wieser.at\/wp-content\/uploads\/2025\/04\/csm_paragleiten_bischling_winter1_71052eb7e1-768x536-1-700x536.jpg\" class=\"attachment-nd_cc_image_size_700_1000 size-nd_cc_image_size_700_1000 wp-image-8102 lazyload\" alt=\"\" \/><\/noscript>\t\t\t\t\t\t\t\t<\/a>\n\t\t\t\t\t\t\t\t\t\t\t<figcaption class=\"widget-image-caption wp-caption-text\"><br><b><h3>Parapendio in inverno<\/h3><\/b><br>Volare con vista - dalle Alpi all'Hochk\u00f6nig. Il Bischling \u00e8 considerato una delle migliori montagne per il volo nel Salisburghese.<\/figcaption>\n\t\t\t\t\t\t\t\t\t\t<\/figure>\n\t\t\t\t\t\t\t\t\t<\/div>\n\t\t\t\t<\/div>\n\t\t\t\t<div class=\"elementor-element elementor-element-1cc118c elementor-widget elementor-widget-theme-post-featured-image elementor-widget-image\" data-id=\"1cc118c\" data-element_type=\"widget\" data-widget_type=\"theme-post-featured-image.default\">\n\t\t\t\t<div class=\"elementor-widget-container\">\n\t\t\t\t\t\t\t\t\t\t\t\t<figure class=\"wp-caption\">\n\t\t\t\t\t\t\t\t\t\t\t<a href=\"https:\/\/www.werfen.at\/de\/urlaubsthemen\/adventzeit\" target=\"_blank\">\n\t\t\t\t\t\t\t<img loading=\"lazy\" decoding=\"async\" width=\"700\" height=\"512\" src=\"data:image\/gif;base64,R0lGODlhAQABAIAAAAAAAP\/\/\/yH5BAEAAAAALAAAAAABAAEAAAIBRAA7\" data-src=\"https:\/\/pension-wieser.at\/wp-content\/uploads\/2025\/04\/dsc9752_1-768x512-1-700x512.jpg\" class=\"attachment-nd_cc_image_size_700_1000 size-nd_cc_image_size_700_1000 wp-image-8103 lazyload\" alt=\"\" \/><noscript><img loading=\"lazy\" decoding=\"async\" width=\"700\" height=\"512\" src=\"https:\/\/pension-wieser.at\/wp-content\/uploads\/2025\/04\/dsc9752_1-768x512-1-700x512.jpg\" class=\"attachment-nd_cc_image_size_700_1000 size-nd_cc_image_size_700_1000 wp-image-8103 lazyload\" alt=\"\" \/><\/noscript>\t\t\t\t\t\t\t\t<\/a>\n\t\t\t\t\t\t\t\t\t\t\t<figcaption class=\"widget-image-caption wp-caption-text\"><br><b><h3>Mercatino dell'Avvento del Castello di Hohenwerfen<\/h3><\/b><br>Atmosfera magica dell'Avvento nel cortile del castello - con arti e mestieri, musica e un'atmosfera romantica in due fine settimana d'Avvento.<\/figcaption>\n\t\t\t\t\t\t\t\t\t\t<\/figure>\n\t\t\t\t\t\t\t\t\t<\/div>\n\t\t\t\t<\/div>\n\t\t\t\t\t<\/div>\n\t\t\t\t<\/div>\n\t\t\t\t<\/div>","protected":false},"excerpt":{"rendered":"<p>Attivit\u00e0 invernali nei dintorni di Golling<\/p>","protected":false},"author":1,"featured_media":0,"parent":0,"menu_order":0,"comment_status":"closed","ping_status":"closed","template":"","meta":{"footnotes":""},"class_list":["post-8090","page","type-page","status-publish","hentry"],"yoast_head":"<!-- This site is optimized with the Yoast SEO plugin v25.2 - https:\/\/yoast.com\/wordpress\/plugins\/seo\/ -->\n<title>Winter - Pension Wieser \u2013 Ihre Pension im Salzburger Land nahe Salzburg<\/title>\n<meta name=\"robots\" content=\"index, follow, max-snippet:-1, max-image-preview:large, max-video-preview:-1\" \/>\n<link rel=\"canonical\" href=\"https:\/\/pension-wieser.at\/it\/inverno\/\" \/>\n<meta property=\"og:locale\" content=\"it_IT\" \/>\n<meta property=\"og:type\" content=\"article\" \/>\n<meta property=\"og:title\" content=\"Winter - Pension Wieser \u2013 Ihre Pension im Salzburger Land nahe Salzburg\" \/>\n<meta property=\"og:description\" content=\"Winter Aktivit\u00e4ten im Winter rund um Golling\" \/>\n<meta property=\"og:url\" content=\"https:\/\/pension-wieser.at\/it\/inverno\/\" \/>\n<meta property=\"og:site_name\" content=\"Pension Wieser \u2013 Ihre Pension im Salzburger Land nahe Salzburg\" \/>\n<meta property=\"article:modified_time\" content=\"2025-04-23T00:48:26+00:00\" \/>\n<meta name=\"twitter:card\" content=\"summary_large_image\" \/>\n<script type=\"application\/ld+json\" class=\"yoast-schema-graph\">{\"@context\":\"https:\/\/schema.org\",\"@graph\":[{\"@type\":\"WebPage\",\"@id\":\"https:\/\/pension-wieser.at\/winter\/\",\"url\":\"https:\/\/pension-wieser.at\/winter\/\",\"name\":\"Winter - Pension Wieser \u2013 Ihre Pension im Salzburger Land nahe Salzburg\",\"isPartOf\":{\"@id\":\"https:\/\/pension-wieser.at\/de\/#website\"},\"datePublished\":\"2025-04-23T00:40:11+00:00\",\"dateModified\":\"2025-04-23T00:48:26+00:00\",\"breadcrumb\":{\"@id\":\"https:\/\/pension-wieser.at\/winter\/#breadcrumb\"},\"inLanguage\":\"it-IT\",\"potentialAction\":[{\"@type\":\"ReadAction\",\"target\":[\"https:\/\/pension-wieser.at\/winter\/\"]}]},{\"@type\":\"BreadcrumbList\",\"@id\":\"https:\/\/pension-wieser.at\/winter\/#breadcrumb\",\"itemListElement\":[{\"@type\":\"ListItem\",\"position\":1,\"name\":\"Startseite\",\"item\":\"https:\/\/pension-wieser.at\/de\/\"},{\"@type\":\"ListItem\",\"position\":2,\"name\":\"Winter\"}]},{\"@type\":\"WebSite\",\"@id\":\"https:\/\/pension-wieser.at\/de\/#website\",\"url\":\"https:\/\/pension-wieser.at\/de\/\",\"name\":\"Pension Wieser \u2013 Ihre Pension im Salzburger Land nahe Salzburg\",\"description\":\"Gem\u00fctliche Zimmer, famili\u00e4re Atmosph\u00e4re und ideale Lage nahe Salzburg.\",\"publisher\":{\"@id\":\"https:\/\/pension-wieser.at\/de\/#organization\"},\"potentialAction\":[{\"@type\":\"SearchAction\",\"target\":{\"@type\":\"EntryPoint\",\"urlTemplate\":\"https:\/\/pension-wieser.at\/de\/?s={search_term_string}\"},\"query-input\":{\"@type\":\"PropertyValueSpecification\",\"valueRequired\":true,\"valueName\":\"search_term_string\"}}],\"inLanguage\":\"it-IT\"},{\"@type\":\"Organization\",\"@id\":\"https:\/\/pension-wieser.at\/de\/#organization\",\"name\":\"Pension Wieser \u2013 Ihre Pension im Salzburger Land nahe Salzburg\",\"url\":\"https:\/\/pension-wieser.at\/de\/\",\"logo\":{\"@type\":\"ImageObject\",\"inLanguage\":\"it-IT\",\"@id\":\"https:\/\/pension-wieser.at\/de\/#\/schema\/logo\/image\/\",\"url\":\"https:\/\/pension-wieser.at\/wp-content\/uploads\/2025\/04\/logo-wieser.png\",\"contentUrl\":\"https:\/\/pension-wieser.at\/wp-content\/uploads\/2025\/04\/logo-wieser.png\",\"width\":180,\"height\":100,\"caption\":\"Pension Wieser \u2013 Ihre Pension im Salzburger Land nahe Salzburg\"},\"image\":{\"@id\":\"https:\/\/pension-wieser.at\/de\/#\/schema\/logo\/image\/\"}}]}<\/script>\n<!-- \/ Yoast SEO plugin. -->","yoast_head_json":{"title":"Winter - Pension Wieser \u2013 Ihre Pension im Salzburger Land nahe Salzburg","robots":{"index":"index","follow":"follow","max-snippet":"max-snippet:-1","max-image-preview":"max-image-preview:large","max-video-preview":"max-video-preview:-1"},"canonical":"https:\/\/pension-wieser.at\/it\/inverno\/","og_locale":"it_IT","og_type":"article","og_title":"Winter - Pension Wieser \u2013 Ihre Pension im Salzburger Land nahe Salzburg","og_description":"Winter Aktivit\u00e4ten im Winter rund um Golling","og_url":"https:\/\/pension-wieser.at\/it\/inverno\/","og_site_name":"Pension Wieser \u2013 Ihre Pension im Salzburger Land nahe Salzburg","article_modified_time":"2025-04-23T00:48:26+00:00","twitter_card":"summary_large_image","schema":{"@context":"https:\/\/schema.org","@graph":[{"@type":"WebPage","@id":"https:\/\/pension-wieser.at\/winter\/","url":"https:\/\/pension-wieser.at\/winter\/","name":"Winter - Pension Wieser \u2013 Ihre Pension im Salzburger Land nahe Salzburg","isPartOf":{"@id":"https:\/\/pension-wieser.at\/de\/#website"},"datePublished":"2025-04-23T00:40:11+00:00","dateModified":"2025-04-23T00:48:26+00:00","breadcrumb":{"@id":"https:\/\/pension-wieser.at\/winter\/#breadcrumb"},"inLanguage":"it-IT","potentialAction":[{"@type":"ReadAction","target":["https:\/\/pension-wieser.at\/winter\/"]}]},{"@type":"BreadcrumbList","@id":"https:\/\/pension-wieser.at\/winter\/#breadcrumb","itemListElement":[{"@type":"ListItem","position":1,"name":"Startseite","item":"https:\/\/pension-wieser.at\/de\/"},{"@type":"ListItem","position":2,"name":"Winter"}]},{"@type":"WebSite","@id":"https:\/\/pension-wieser.at\/de\/#website","url":"https:\/\/pension-wieser.at\/de\/","name":"Pension Wieser \u2013 Ihre Pension im Salzburger Land nahe Salzburg","description":"Gem\u00fctliche Zimmer, famili\u00e4re Atmosph\u00e4re und ideale Lage nahe Salzburg.","publisher":{"@id":"https:\/\/pension-wieser.at\/de\/#organization"},"potentialAction":[{"@type":"SearchAction","target":{"@type":"EntryPoint","urlTemplate":"https:\/\/pension-wieser.at\/de\/?s={search_term_string}"},"query-input":{"@type":"PropertyValueSpecification","valueRequired":true,"valueName":"search_term_string"}}],"inLanguage":"it-IT"},{"@type":"Organization","@id":"https:\/\/pension-wieser.at\/de\/#organization","name":"Pension Wieser \u2013 Ihre Pension im Salzburger Land nahe Salzburg","url":"https:\/\/pension-wieser.at\/de\/","logo":{"@type":"ImageObject","inLanguage":"it-IT","@id":"https:\/\/pension-wieser.at\/de\/#\/schema\/logo\/image\/","url":"https:\/\/pension-wieser.at\/wp-content\/uploads\/2025\/04\/logo-wieser.png","contentUrl":"https:\/\/pension-wieser.at\/wp-content\/uploads\/2025\/04\/logo-wieser.png","width":180,"height":100,"caption":"Pension Wieser \u2013 Ihre Pension im Salzburger Land nahe Salzburg"},"image":{"@id":"https:\/\/pension-wieser.at\/de\/#\/schema\/logo\/image\/"}}]}},"_links":{"self":[{"href":"https:\/\/pension-wieser.at\/it\/wp-json\/wp\/v2\/pages\/8090","targetHints":{"allow":["GET"]}}],"collection":[{"href":"https:\/\/pension-wieser.at\/it\/wp-json\/wp\/v2\/pages"}],"about":[{"href":"https:\/\/pension-wieser.at\/it\/wp-json\/wp\/v2\/types\/page"}],"author":[{"embeddable":true,"href":"https:\/\/pension-wieser.at\/it\/wp-json\/wp\/v2\/users\/1"}],"replies":[{"embeddable":true,"href":"https:\/\/pension-wieser.at\/it\/wp-json\/wp\/v2\/comments?post=8090"}],"version-history":[{"count":7,"href":"https:\/\/pension-wieser.at\/it\/wp-json\/wp\/v2\/pages\/8090\/revisions"}],"predecessor-version":[{"id":8115,"href":"https:\/\/pension-wieser.at\/it\/wp-json\/wp\/v2\/pages\/8090\/revisions\/8115"}],"wp:attachment":[{"href":"https:\/\/pension-wieser.at\/it\/wp-json\/wp\/v2\/media?parent=8090"}],"curies":[{"name":"wp","href":"https:\/\/api.w.org\/{rel}","templated":true}]}}